{"id":146,"date":"2021-03-22T17:10:04","date_gmt":"2021-03-22T17:10:04","guid":{"rendered":"https:\/\/noufoc.cat\/politica-privacidad\/"},"modified":"2021-04-08T14:47:45","modified_gmt":"2021-04-08T12:47:45","slug":"politica-privacidad","status":"publish","type":"page","link":"https:\/\/noufoc.cat\/es\/politica-privacidad\/","title":{"rendered":"Pol\u00edtica de privacitat"},"content":{"rendered":"<p>Se informa a los usuarios de la p\u00e1gina web, en cumplimiento de la legislaci\u00f3n vigente en materia de protecci\u00f3n de datos de car\u00e1cter personal, con el fin de que estos decidan de forma expresa, entrega y voluntaria si desean facilitar a esta entidad sus datos personales que sean necesarias y, por ello, les son solicitados en la p\u00e1gina web para la prestaci\u00f3n de los servicios que ofrece NOUFOC XEMENEIES.<\/p>\n<p>El registro de los datos personales aportados en caso de suscribirse a trav\u00e9s de alg\u00fan formulario implica, adem\u00e1s, la aceptaci\u00f3n voluntaria en relaci\u00f3n al tratamiento de los datos personales por parte de NOUFOC XEMENEIES para la finalidad exclusiva de responder a las consultas generales referentes a nuestra organizaci\u00f3n y para recibir informaci\u00f3n vinculada a los servicios relacionados y para la realizaci\u00f3n de estad\u00edsticas y poder remitir informaci\u00f3n comercial en temas que puedan ser de inter\u00e9s.<\/p>\n<p>En cualquier caso, el usuario o persona que lo represente podr\u00e1 ejercer en cualquier momento los derechos de acceso, rectificaci\u00f3n, supresi\u00f3n, portabilidad, limitaci\u00f3n y oposici\u00f3n de acuerdo con lo establecido en la normativa legal vigente de protecci\u00f3n de datos aplicable.<\/p>\n<p>&nbsp;<\/p>\n<p><b>Informaci\u00f3n<\/b><\/p>\n<p>La presente \u00abPol\u00edtica de privacidad\u00bb regula el tratamiento de datos personales facilitados por el Usuario a trav\u00e9s de la p\u00e1gina web que NOUFOC XEMENEIES pone a disposici\u00f3n de los usuarios de Internet. La presente Pol\u00edtica forma parte integrante del Aviso Legal accesible en todo momento desde la p\u00e1gina web.<\/p>\n<p>El Usuario garantiza que los datos aportados son verdaderos, exactos, completos y actualizados, siendo responsable de cualquier da\u00f1o o perjuicio, directo o indirecto, que pudiera ocasionarse como consecuencia del incumplimiento de tal obligaci\u00f3n. En caso de que los datos aportados pertenecieran a un tercero, el Usuario garantiza que ha informado al tercero de los aspectos contenidos en este documento y ha obtenido su autorizaci\u00f3n para facilitar sus datos a NOUFOC XEMENEIES para las finalidades se\u00f1aladas.<\/p>\n<p>La p\u00e1gina web puede ofrecer funcionalidades para compartir contenidos a trav\u00e9s de aplicaciones de terceros, como LinkedIn, Facebook, Twitter, etc. Estas aplicaciones pueden recoger y tratar informaci\u00f3n relacionada con la navegaci\u00f3n del usuario en los diferentes sitios web. Cualquier informaci\u00f3n personal que es recaudada a trav\u00e9s de estas aplicaciones, puede ser utilizada por terceros usuarios de las mismas, y sus interacciones est\u00e1n sometidas a las pol\u00edticas de privacidad de las compa\u00f1\u00edas que facilitan las aplicaciones.<\/p>\n<p>La p\u00e1gina web puede alojar blogs y otras aplicaciones o servicios de redes sociales con el fin de facilitar el intercambio de conocimiento y contenido. Cualquier informaci\u00f3n personal que se facilite por el usuario puede ser compartida con otros usuarios de este servicio, sobre los que NOUFOC XEMENEIES no tiene ning\u00fan control.<\/p>\n<p>Con el fin de ofrecer informaci\u00f3n o servicios de inter\u00e9s en funci\u00f3n de la localizaci\u00f3n del Usuario, NOUFOC XEMENEIES podr\u00e1 acceder a datos relativos a la geolocalizaci\u00f3n del dispositivo del Usuario en aquellos casos en que la configuraci\u00f3n del usuario a efecto as\u00ed lo permita.<\/p>\n<p>Con el objetivo de ofrecer seguridad t\u00e9cnica y diagn\u00f3stico de sistemas, de forma anonimizada o agregada, NOUFOC XEMENEIES podr\u00e1 registrar la direcci\u00f3n IP. Esta informaci\u00f3n podr\u00e1 ser tambi\u00e9n utilizada con fines anal\u00edticos de rendimiento web.<\/p>\n<p>&nbsp;<\/p>\n<p><b>\u00bfQuienes son los responsables del tratamiento de los datos personales del Usuario?<\/b><\/p>\n<p>Los responsables cumplen la legislaci\u00f3n respecto a la protecci\u00f3n de datos personales y adoptan las medidas de seguridad necesarias de acuerdo con la normativa aplicable de la Ley y Reglamento de Protecci\u00f3n de Datos de Car\u00e1cter Personal y Reglamento (UE) 2016\/679 del Parlamento Europeo, as\u00ed como lo dispuesto en la Ley de servicios de la sociedad de la informaci\u00f3n y del comercio electr\u00f3nico (Ley 34\/2002, de 11 de julio)<\/p>\n<p>Son los responsables de velar con diligencia por el cumplimiento de la normativa de protecci\u00f3n de datos de car\u00e1cter personal; puedes contactar a la siguiente direcci\u00f3n:<\/p>\n<p><b>Noufoc Xemeneies<\/b><\/p>\n<p>Domicilio: Calle Bonavista, 1E, 17403 Sant Hilari Sacalm (Girona)<\/p>\n<p>Correo electr\u00f3nico: info@noufoc.cat<\/p>\n<p>&nbsp;<\/p>\n<p><b>\u00bfCon qu\u00e9 finalidad tratamos los datos personales del Usuario?<\/b><\/p>\n<p>NOUFOC XEMENEIES trata la informaci\u00f3n facilitada por el Usuario con el fin de atender las solicitudes de diversa \u00edndole llevadas a cabo por la web. En funci\u00f3n de la naturaleza de la solicitud, la finalidad perseguir\u00e1 la gesti\u00f3n de:<\/p>\n<p>&#8211; consultas varias<\/p>\n<p>&#8211; participaci\u00f3n en las redes sociales mediante comentarios.<\/p>\n<p>&nbsp;<\/p>\n<p>NOUFOC XEMENEIES utilizar\u00e1 la informaci\u00f3n para:<\/p>\n<ul>\n<li aria-level=\"1\">Comprobar la idoneidad de los datos.<\/li>\n<li aria-level=\"1\">Contactar a trav\u00e9s de las v\u00edas y datos proporcionados.<\/li>\n<li aria-level=\"1\">Exigir la informaci\u00f3n legalmente requerida, y responder a un proceso legal.<\/li>\n<li aria-level=\"1\">En caso de que el Usuario se registre en la p\u00e1gina web para pedir informaci\u00f3n, \u00fanicamente se acceder\u00e1 a los datos personales del Usuario por los que haya prestado su consentimiento durante la configuraci\u00f3n del acceso de la red social que se trate . Cualquier informaci\u00f3n facilitada en conexi\u00f3n con estas aplicaciones sociales podr\u00eda ser accedida por miembros de la correspondiente red social, estas interacciones se regir\u00e1n por las pol\u00edticas de privacidad de las entidades prestadoras de los servicios. No se dispone de ning\u00fan control ni responsabilidad respecto de estas entidades o del uso que realicen de la informaci\u00f3n del usuario.<\/li>\n<\/ul>\n<p>&nbsp;<\/p>\n<p><b>\u00bfCu\u00e1nto tiempo conservaremos los datos personales del Usuario?<\/b><\/p>\n<p>Con car\u00e1cter general, los datos personales proporcionados se conservar\u00e1n durante el tiempo necesario para atender la solicitud del Usuario.<\/p>\n<p>&nbsp;<\/p>\n<p><b>\u00bfCu\u00e1l es la legitimaci\u00f3n para el tratamiento de los datos personales del Usuario?<\/b><\/p>\n<p>La base legal para el tratamiento de los datos es el consentimiento del Usuario.<\/p>\n<p>&nbsp;<\/p>\n<p><b>\u00bfA qu\u00e9 destinatarios se comunicar\u00e1n los datos personales del Usuario?<\/b><\/p>\n<p>En general, el acceso a la informaci\u00f3n personal ser\u00e1 limitado \u00fanicamente a aquellas personas dentro de la organizaci\u00f3n que la necesiten para gestionar la solicitud.<\/p>\n<p>Tendr\u00e1n acceso a los datos personales las siguientes categor\u00edas:<\/p>\n<ul>\n<li aria-level=\"1\">Personal que realice funciones administrativas y de asistencia t\u00e9cnica y que pueda dar respuesta a la petici\u00f3n solicitada.<\/li>\n<li aria-level=\"1\">Funcionarios gubernamentales, en caso de que existan requisitos legales de informaci\u00f3n u organismos encargados de velar por el cumplimiento de las leyes o litigantes privados en respuesta a procesos legales v\u00e1lidos (orden de registro o aprehensi\u00f3n, citaci\u00f3n u orden judicial).<\/li>\n<\/ul>\n<p>Los datos tambi\u00e9n podr\u00e1n ser facilitados a aquellas entidades que ofrezcan servicios complementarios de inter\u00e9s para la resoluci\u00f3n de la solicitud presentada. De todas formas, estos servicios deben cumplir con todo lo establecido en la presente Pol\u00edtica de privacidad.<\/p>\n<p>Asimismo, los datos podr\u00e1n ser cedidos a administraciones y organismos p\u00fablicos para la prestaci\u00f3n de servicios y por el cumplimiento de obligaciones directamente exigibles a los responsables del tratamiento de los datos.<\/p>\n<p>&nbsp;<\/p>\n<p><b>\u00bfC\u00f3mo protege NOUFOC XEMENEIES su informaci\u00f3n personal?<\/b><\/p>\n<p>NOUFOC XEMENEIES implementa medidas de seguridad organizativas, t\u00e9cnicas y f\u00edsicas con el objetivo de proteger los datos para evitar violaciones de seguridad y garantizar la confidencialidad, integridad y disponibilidad de sus datos durante todo el tratamiento.<\/p>\n<p>&nbsp;<\/p>\n<p><b>\u00bfCu\u00e1les son los derechos cuando el Usuario nos facilita los datos personales?<\/b><\/p>\n<p>El Usuario tiene derecho a obtener confirmaci\u00f3n sobre si NOUFOC CHIMENEAS trata datos personales que le conciernen, as\u00ed como acceder a sus datos personales, solicitar la rectificaci\u00f3n de los datos inexactos o, en su caso, solicitar su supresi\u00f3n cuando, entre otros motivos, los datos ya no sean necesarias para los fines que fueron recogidas.<\/p>\n<p>En determinadas circunstancias, el Usuario podr\u00e1 solicitar la limitaci\u00f3n del tratamiento de sus datos, en este caso \u00fanicamente se conservar\u00e1n para el ejercicio o la defensa de reclamaciones.<\/p>\n<p>En determinadas circunstancias y por motivos relacionados con su situaci\u00f3n particular, el Usuario podr\u00e1 oponerse al tratamiento de sus datos. NOUFOC XEMENEIES cesar\u00e1 en el tratamiento de los datos, salvo por motivos leg\u00edtimos imperiosos, o el ejercicio o la defensa de posibles reclamaciones.<\/p>\n<p>Por \u00faltimo, el Usuario podr\u00e1 ejercitar su derecho de Portabilidad y, en caso de que proceda, NOUFOC XEMENEIES deber\u00e1 gestionar su tramitaci\u00f3n.<\/p>\n<p>El Usuario podr\u00e1 ejercer sus derechos en los t\u00e9rminos legales dirigi\u00e9ndose mediante correo postal a la siguiente direcci\u00f3n:<\/p>\n<p>Noufoc Xemeneies<\/p>\n<p>Domicilio: Calle Bonavista, 1E, 17403 Sant Hilari Sacalm (Girona)<\/p>\n<p>Correo electr\u00f3nico: info@noufoc.cat<\/p>\n<p>Podr\u00e1 ejercerlos con indicaci\u00f3n de la solicitud correspondiente y acompa\u00f1ando, en cualquiera de los casos, de copia del DNI, pasaporte, o documento v\u00e1lido que acredite su identidad.<\/p>\n<p>AVISO: NOUFOC XEMENEIES NO ES RESPONSABLE DEL CONTENIDO NI DE LA POL\u00cdTICA DE PRIVACIDAD DE TERCEROS LOS QUE PUEDA ACCEDER A TRAV\u00c9S DE BANNERS O LINKS<\/p>\n","protected":false},"excerpt":{"rendered":"<p>Se informa a los usuarios de la p\u00e1gina web, en [&hellip;]<\/p>\n","protected":false},"author":1,"featured_media":0,"parent":0,"menu_order":0,"comment_status":"closed","ping_status":"closed","template":"","meta":{"footnotes":""},"class_list":["post-146","page","type-page","status-publish","hentry"],"yoast_head":"<!-- This site is optimized with the Yoast SEO plugin v21.7 - https:\/\/yoast.com\/wordpress\/plugins\/seo\/ -->\n<title>Pol\u00edtica de privacitat - Noufoc<\/title>\n<meta name=\"robots\" content=\"index, follow, max-snippet:-1, max-image-preview:large, max-video-preview:-1\" \/>\n<link rel=\"canonical\" href=\"https:\/\/noufoc.cat\/es\/politica-privacidad\/\" \/>\n<meta property=\"og:locale\" content=\"es_ES\" \/>\n<meta property=\"og:type\" content=\"article\" \/>\n<meta property=\"og:title\" content=\"Pol\u00edtica de privacitat - Noufoc\" \/>\n<meta property=\"og:description\" content=\"Se informa a los usuarios de la p\u00e1gina web, en [&hellip;]\" \/>\n<meta property=\"og:url\" content=\"https:\/\/noufoc.cat\/es\/politica-privacidad\/\" \/>\n<meta property=\"og:site_name\" content=\"Noufoc\" \/>\n<meta property=\"article:modified_time\" content=\"2021-04-08T12:47:45+00:00\" \/>\n<meta name=\"twitter:card\" content=\"summary_large_image\" \/>\n<meta name=\"twitter:label1\" content=\"Tiempo de lectura\" \/>\n\t<meta name=\"twitter:data1\" content=\"7 minutos\" \/>\n<script type=\"application\/ld+json\" class=\"yoast-schema-graph\">{\"@context\":\"https:\/\/schema.org\",\"@graph\":[{\"@type\":\"WebPage\",\"@id\":\"https:\/\/noufoc.cat\/es\/politica-privacidad\/\",\"url\":\"https:\/\/noufoc.cat\/es\/politica-privacidad\/\",\"name\":\"Pol\u00edtica de privacitat - Noufoc\",\"isPartOf\":{\"@id\":\"https:\/\/noufoc.cat\/#website\"},\"datePublished\":\"2021-03-22T17:10:04+00:00\",\"dateModified\":\"2021-04-08T12:47:45+00:00\",\"breadcrumb\":{\"@id\":\"https:\/\/noufoc.cat\/es\/politica-privacidad\/#breadcrumb\"},\"inLanguage\":\"es\",\"potentialAction\":[{\"@type\":\"ReadAction\",\"target\":[\"https:\/\/noufoc.cat\/es\/politica-privacidad\/\"]}]},{\"@type\":\"BreadcrumbList\",\"@id\":\"https:\/\/noufoc.cat\/es\/politica-privacidad\/#breadcrumb\",\"itemListElement\":[{\"@type\":\"ListItem\",\"position\":1,\"name\":\"Inici\",\"item\":\"https:\/\/noufoc.cat\/es\/\"},{\"@type\":\"ListItem\",\"position\":2,\"name\":\"Pol\u00edtica de privacitat\"}]},{\"@type\":\"WebSite\",\"@id\":\"https:\/\/noufoc.cat\/#website\",\"url\":\"https:\/\/noufoc.cat\/\",\"name\":\"Noufoc\",\"description\":\"Xemeneies\",\"potentialAction\":[{\"@type\":\"SearchAction\",\"target\":{\"@type\":\"EntryPoint\",\"urlTemplate\":\"https:\/\/noufoc.cat\/?s={search_term_string}\"},\"query-input\":\"required name=search_term_string\"}],\"inLanguage\":\"es\"}]}<\/script>\n<!-- \/ Yoast SEO plugin. -->","yoast_head_json":{"title":"Pol\u00edtica de privacitat - Noufoc","robots":{"index":"index","follow":"follow","max-snippet":"max-snippet:-1","max-image-preview":"max-image-preview:large","max-video-preview":"max-video-preview:-1"},"canonical":"https:\/\/noufoc.cat\/es\/politica-privacidad\/","og_locale":"es_ES","og_type":"article","og_title":"Pol\u00edtica de privacitat - Noufoc","og_description":"Se informa a los usuarios de la p\u00e1gina web, en [&hellip;]","og_url":"https:\/\/noufoc.cat\/es\/politica-privacidad\/","og_site_name":"Noufoc","article_modified_time":"2021-04-08T12:47:45+00:00","twitter_card":"summary_large_image","twitter_misc":{"Tiempo de lectura":"7 minutos"},"schema":{"@context":"https:\/\/schema.org","@graph":[{"@type":"WebPage","@id":"https:\/\/noufoc.cat\/es\/politica-privacidad\/","url":"https:\/\/noufoc.cat\/es\/politica-privacidad\/","name":"Pol\u00edtica de privacitat - Noufoc","isPartOf":{"@id":"https:\/\/noufoc.cat\/#website"},"datePublished":"2021-03-22T17:10:04+00:00","dateModified":"2021-04-08T12:47:45+00:00","breadcrumb":{"@id":"https:\/\/noufoc.cat\/es\/politica-privacidad\/#breadcrumb"},"inLanguage":"es","potentialAction":[{"@type":"ReadAction","target":["https:\/\/noufoc.cat\/es\/politica-privacidad\/"]}]},{"@type":"BreadcrumbList","@id":"https:\/\/noufoc.cat\/es\/politica-privacidad\/#breadcrumb","itemListElement":[{"@type":"ListItem","position":1,"name":"Inici","item":"https:\/\/noufoc.cat\/es\/"},{"@type":"ListItem","position":2,"name":"Pol\u00edtica de privacitat"}]},{"@type":"WebSite","@id":"https:\/\/noufoc.cat\/#website","url":"https:\/\/noufoc.cat\/","name":"Noufoc","description":"Xemeneies","potentialAction":[{"@type":"SearchAction","target":{"@type":"EntryPoint","urlTemplate":"https:\/\/noufoc.cat\/?s={search_term_string}"},"query-input":"required name=search_term_string"}],"inLanguage":"es"}]}},"_links":{"self":[{"href":"https:\/\/noufoc.cat\/es\/wp-json\/wp\/v2\/pages\/146","targetHints":{"allow":["GET"]}}],"collection":[{"href":"https:\/\/noufoc.cat\/es\/wp-json\/wp\/v2\/pages"}],"about":[{"href":"https:\/\/noufoc.cat\/es\/wp-json\/wp\/v2\/types\/page"}],"author":[{"embeddable":true,"href":"https:\/\/noufoc.cat\/es\/wp-json\/wp\/v2\/users\/1"}],"replies":[{"embeddable":true,"href":"https:\/\/noufoc.cat\/es\/wp-json\/wp\/v2\/comments?post=146"}],"version-history":[{"count":2,"href":"https:\/\/noufoc.cat\/es\/wp-json\/wp\/v2\/pages\/146\/revisions"}],"predecessor-version":[{"id":150,"href":"https:\/\/noufoc.cat\/es\/wp-json\/wp\/v2\/pages\/146\/revisions\/150"}],"wp:attachment":[{"href":"https:\/\/noufoc.cat\/es\/wp-json\/wp\/v2\/media?parent=146"}],"curies":[{"name":"wp","href":"https:\/\/api.w.org\/{rel}","templated":true}]}}